{"id":1121,"date":"2016-11-06T08:48:09","date_gmt":"2016-11-06T06:48:09","guid":{"rendered":"http:\/\/www.goldstadt-autoren.de\/?page_id=1121"},"modified":"2024-10-15T09:12:13","modified_gmt":"2024-10-15T07:12:13","slug":"elfriede-weber","status":"publish","type":"page","link":"https:\/\/www.goldstadt-autoren.de\/?page_id=1121","title":{"rendered":"Elfriede Weber"},"content":{"rendered":"\n<div class=\"wp-block-group\"><div class=\"wp-block-group__inner-container is-layout-flow wp-block-group-is-layout-flow\">\n<p><a href=\"https:\/\/www.goldstadt-autoren.de\/wp-content\/uploads\/2016\/11\/Weber-E_GA.jpg\"><img loading=\"lazy\" decoding=\"async\" class=\"alignleft wp-image-1145 size-full\" src=\"https:\/\/www.goldstadt-autoren.de\/wp-content\/uploads\/2016\/11\/Weber-E_GA.jpg\" alt=\"weber-e_ga\" width=\"116\" height=\"150\" \/><\/a>Die in Albstadt geborene Autorin und Malerin lebt in Straubenhardt. Seit ihrer Kindheit schreibt sie Gedichte, von denen einige bereits in der T\u00fcbinger Zeitung und in der Pforzheimer Zeitung ver\u00f6ffentlicht wurden. Sie erhielt einen Buchpreis des SWR. Auch wurden Kurzgeschichten und Gedichte von ihr in zahlreichen Anthologien publiziert. 2012 hat sie einen Roman ver\u00f6ffentlicht.<br \/>2016 erhielt sie den 1. Preis mit ihrem Gedicht <em>Summertime<\/em> beim Euregionalen Foto, Mal- und Schreibwettbewerb in Eupen\/Belgien.<br \/>Im M\u00e4rz 2019 wurde im Rahmen des Kreativwettbewerbs des Stadt-Theaters Pforzheim ihr Gedicht \u201eFaust 2019\u201c von einem Schauspieler vorgetragen und im Faust-Museum, Knittlingen, verewigt. Ihr Acrylbild und das Gedicht sind nun im Kunstverzeichnis des Theaters enthalten.<br \/>2023 gewann sie beim Landschreiber-Wettbewerb \u201eSprache und Einsamkeit\u201c den dritten Platz in Mundart.<\/p>\n<h3>Ver\u00f6ffentlichungen:<\/h3>\n<p><em><strong><a href=\"https:\/\/www.goldstadt-autoren.de\/wp-content\/uploads\/2020\/12\/Cover_Corona-Gedichte_Weber_GA.jpg\"><img loading=\"lazy\" decoding=\"async\" class=\"alignleft size-full wp-image-2791\" src=\"https:\/\/www.goldstadt-autoren.de\/wp-content\/uploads\/2020\/12\/Cover_Corona-Gedichte_Weber_GA.jpg\" alt=\"\" width=\"130\" height=\"200\" \/><\/a>2020 \u2013 GEDANKEN IN CORONA-ZEITEN<\/strong><\/em><br \/>Gedichtband<\/p>\n<p>Verlag ePubli, Berlin 2020<br \/>ISBN 978-3-7531-2473-5<br \/>Taschenbuch, 108 Seiten, 6,99 EUR<\/p>\n<p><em>Dieser Gedichtband enth\u00e4lt das Gedankengut von Elfriede Weber vieler einsamer Stunden in der Corona-Zeit.<br \/><span style=\"color: #999999;\"><br \/><\/span><\/em><\/p>\n<p><em><strong><a href=\"https:\/\/www.goldstadt-autoren.de\/wp-content\/uploads\/2019\/11\/Cover_B\u00fcchle_Lutz-Weber_GA.jpg\"><img loading=\"lazy\" decoding=\"async\" class=\"alignleft size-full wp-image-2452\" src=\"https:\/\/www.goldstadt-autoren.de\/wp-content\/uploads\/2019\/11\/Cover_B\u00fcchle_Lutz-Weber_GA.jpg\" alt=\"\" width=\"132\" height=\"200\" \/><\/a>WAS ISCH&#8217;N DO BASSIERT?<\/strong><\/em><br \/>Geschichten und Gedichte im Dialekt.<br \/>Elfriede Weber und Andrea Lutz schreiben \u00fcber alles M\u00f6gliche aus dem \u201eL\u00e4ndle\u201c Baden-W\u00fcrttemberg.<\/p>\n<p>Verlag ePubli, Berlin 2019<br \/>ISBN 978-3-7502-5203-5<br \/>Taschenbuch mit Illustrationen, 168 Seiten, 8,90 EUR<\/p>\n<p><em>Falls Sie noch nicht wussten, wo die \u201eMaultasch\u201c ihren Ursprung hat, hier werden Sie das erfahren. Au\u00dferdem k\u00f6nnen Sie verfolgen, wie der \u201eSchwob\u201c mit und ohne Wohnmobil auf Reisen geht. Sie lernen die \u201eKomisch Frau Kraus\u201c, den \u201eOnkel Gotthilf\u201c, \u201eOpa, den Pfennig-fuchser\u201c und weitere skurrile Personen kennen. Nachdenkliches gibt es in der \u201eBitters\u00fc\u00dfen Weihnachtsgeschichte\u201c zu lesen. Auch wo das Christkind wohnt und wohin der kleine Arthur anno 1913 spazierte, hier erfahren Sie es.<\/em><\/p>\n<p><strong><em><a href=\"https:\/\/www.goldstadt-autoren.de\/wp-content\/uploads\/2016\/12\/Cover_Elefant_GA.jpg\"><img loading=\"lazy\" decoding=\"async\" class=\"alignleft wp-image-1165 size-full\" src=\"https:\/\/www.goldstadt-autoren.de\/wp-content\/uploads\/2016\/12\/Cover_Elefant_GA.jpg\" alt=\"cover_elefant_ga\" width=\"132\" height=\"200\" \/><\/a>\u2026 AB UND ZU EIN ELEFANT \u2026<br \/><\/em><\/strong>Lyrik und Prosa von Elfriede Weber<\/p>\n<p>Neopubli, Berlin 2016<br \/>ISBN 978-3-7418-7210-5<br \/>Taschenbuch\/Softcover, 188 Seiten, 8,90 EUR<\/p>\n<p><em>Gedichte und Geschichten aus fast allen Lebenslagen.<br \/><span style=\"color: #999999;\"><br \/><\/span><\/em><\/p>\n<p><strong><a href=\"https:\/\/www.goldstadt-autoren.de\/wp-content\/uploads\/2016\/11\/Cover_Er_GA.jpg\"><img loading=\"lazy\" decoding=\"async\" class=\"alignleft wp-image-1144 size-full\" src=\"https:\/\/www.goldstadt-autoren.de\/wp-content\/uploads\/2016\/11\/Cover_Er_GA.jpg\" alt=\"cover_er_ga\" width=\"125\" height=\"200\" \/><\/a><em>ER UND KEIN ANDERER<\/em><\/strong><br \/>Psychothriller, Roman<\/p>\n<p>Books on Demand, 2012<br \/>ISBN 978-3-84825-557-3<br \/>Taschenbuch, 204 Seiten, 12,90 EUR<br \/>E-Book: Kindle-Edition, ASIN B00BBN7T2W, 7,99 EUR<\/p>\n<p><em>Als Irena Graf zum ersten Mal im Behandlungszimmer von Zahnarzt Dr. Joachim Mertens sitzt, sp\u00fcrt sie sofort: Das ist der Mann ihres Lebens! Auch Mertens ist fasziniert von der sch\u00f6nen, geheimnisvollen Frau. Doch pl\u00f6tzlich wird er vom Ungl\u00fcck verfolgt. Seine Familie zerbricht, seine Frau ist ein psychisches Wrack, seiner Praxis droht die Schlie\u00dfung. Was hat sein Schwager Stefano mit all dem zu tun? Und wer sind die vielen seltsamen Leute, von denen sich Irena verfolgt f\u00fchlt? Als Mertens bemerkt, eine schockierende Wahrheit aus der Vergangenheit aufzudecken, ist es bereits schon zu sp\u00e4t.<\/em><\/p>\n<p>&nbsp;<\/p>\n<p><strong><em><a href=\"https:\/\/www.goldstadt-autoren.de\/wp-content\/uploads\/2024\/01\/Anthologie_Cover_VBZB_GA.jpg\"><img loading=\"lazy\" decoding=\"async\" class=\"alignleft size-full wp-image-3774\" src=\"https:\/\/www.goldstadt-autoren.de\/wp-content\/uploads\/2024\/01\/Anthologie_Cover_VBZB_GA.jpg\" alt=\"\" width=\"127\" height=\"200\" \/><\/a>Unser Pforze<\/em><\/strong><br \/>Einleitungsgedicht<strong><em> <br \/><\/em><\/strong>und<br \/><strong><em>Erlebnisse an der Nordstadtbr\u00fccke<\/em><\/strong><br \/>Autobiografische Kurzgeschichte mit Handlungsort Nordstadtbr\u00fccke<br \/>in: VON BR\u00dcCKE ZU BR\u00dcCKE (Anthologie)<\/p>\n<p>Hrsg. Goldstadt-Autoren e. V.<br \/>BoD \u2013 Books on Demand, Norderstedt 2024<br \/>ISBN 978-3-7578-8671-4<br \/>Taschenbuch, 272 Seiten, 13,50 EUR; 8,99 EUR als E-Book<\/p>\n<p><strong><em>Auf, unter und neben den Br\u00fccken Pforzheims<br \/><\/em><\/strong><em>Br\u00fccken verbinden Menschen, sind Orte von Erinnerungen, dienen als Verstecke oder werden zu Tatorten. Die Goldstadt Pforzheim nennt mehr als f\u00fcnfzig Fluss-, Stra\u00dfen- und Bahngleis\u00fcberquerungen ihr Eigen.<br \/>Zweiundzwanzig dieser Br\u00fccken und Stege dienen als Inspiration f\u00fcr humorige bis nachdenkliche, fantastische bis lebensnahe Geschichten und Gedichte. Mit ihnen feiern die Mitglieder des Goldstadt-Autoren e.\u00a0V. das <strong>10-j\u00e4hrige Vereinsbestehen <\/strong>und ihre Verbundenheit mit der Stadt, die auch als \u201ePforte zum Schwarzwald\u201c bezeichnet wird.<\/em><\/p>\n<p><strong><em><a href=\"https:\/\/www.goldstadt-autoren.de\/wp-content\/uploads\/2019\/01\/Cover_INDS_kl.jpg\"><img loading=\"lazy\" decoding=\"async\" class=\"alignleft size-full wp-image-2099\" src=\"https:\/\/www.goldstadt-autoren.de\/wp-content\/uploads\/2019\/01\/Cover_INDS_kl.jpg\" alt=\"\" width=\"127\" height=\"200\" \/><\/a>Tagtraum | Das Ittersbacher B\u00e4hnle<br \/><\/em><\/strong>Kurzgeschichte und Gedicht<br \/>in: IM NORDEN DES S\u00dcDENS (Anthologie)<\/p>\n<p>Hrsg. Goldstadt-Autoren e. V.<br \/>BoD \u2013 Books on Demand, Norderstedt 2019<br \/>ISBN 978-3-7481-4134-1<br \/>Taschenbuch, 192 Seiten, 8,00 EUR; auch als E-Book<\/p>\n<p><em><strong>M\u00e4rchen, Mord und mehr aus Pforzheim und Umgebung<\/strong><br \/><\/em><em>Zum f\u00fcnfj\u00e4hrigen Vereinsjubil\u00e4um setzen sich 17 Autorinnen und Autoren mit der Region auseinander, in der sie leben. In spannenden, bissigen, tiefgr\u00fcndigen oder humorvollen Geschichten und Gedichten gibt es f\u00fcr Alteingesessene und Reingeschmeckte gleicherma\u00dfen viel zu entdecken.<br \/><\/em><\/p>\n<h3>Weitere Ver\u00f6ffentlichungen:<\/h3>\n<p>Gedicht <strong><em>Sterntaler <\/em><\/strong>in: \u201eM\u00e4rchen im Reim\u201c (Anthologie), Net-Verlag (Hrsg.), Chemnitz 2021.<br \/>Gedicht <strong><em>Sichtweisen<\/em><\/strong> in: \u201eGefangensein. Drinnen und Drau\u00dfen\u201c (Anthologie), Bilder und Gedichte, Hrsg. Gisela Weinh\u00e4ndler, muc Verlag GbR, M\u00fcnchen 2018.<br \/>Gedicht <strong><em>Unverg\u00e4nglich<\/em><\/strong> in: \u201eMo(nu)mente\u201c (Anthologie), Lyrik aus dem Sperling-Verlag (Hrsg.), Schl\u00fcsselfeld 2016.<br \/>Gedicht <strong><em>Summertime<\/em><\/strong> in: \u201eMein Herz am Meer\u201c (Anthologie), Hrsg. Marie Rossi, Elbverlag, Magdeburg 2016.<br \/>Kurzgeschichte <strong><em>Damals<\/em><\/strong> in: \u201eWeihnachtsgel\u00e4ut\u201c, Epla-Verlag, Ganderkesee 2016.<br \/>Gedicht <strong><em>Tatkraft<\/em><\/strong> in: \u201eNeue Wege \u2013 Lyrik\u201c, Sperling Verlag, N\u00fcrnberg 2016.<br \/>Gedicht <strong><em>Kalifornien<\/em><\/strong> in: \u201eLiterarische Gedankenwelten\u201c, Epla-Verlag, Ganderkesee 2016.<br \/>Gedicht <strong><em>Der letzte Herbststurm<\/em><\/strong> in: \u201eZeitlos\u201c (Lyrikband), Goldene Feder Sonderedition, Sperling-Verlag, Schl\u00fcsselfeld 2015.<br \/>Gedicht <strong><em>Freundschaftsbande<\/em><\/strong> in: \u201eHerzbuch Freundschaft\u201c, Hrsg. Marie Rossi, Elbverlag, Magdeburg 2015.<br \/>Gedicht <strong><em>\u2026 alles nur Schein<\/em><\/strong> in: \u201eWorte im Mond \u2013 Liebeslyrik\u201c, Hrsg. Perdita Klimeck, Sperling Verlag, N\u00fcrnberg 2015.<br \/>Gedicht <strong><em>Das Kind in mir<\/em><\/strong> in: \u201eHerzbuch Tr\u00e4ume\u201c, Hrsg. Marie Rossi, Elbverlag, Magdeburg 2015.<br \/>Gedichte <strong><em>Apfelernte, Auf Gleis 7, Die Stadtpark-Bank<\/em><\/strong> in: \u201eLesebl\u00fcten 11: Lyrische Werke\u201c, piepmatz Verlag &amp; Design Sandra Vogel, N\u00fcrnberg 2015.<br \/>Gedicht <strong><em>Wachsende Fl\u00fcgel <\/em><\/strong>in: \u201eWolkenbilder\u201c, Epla-Verlag, Ganderkesee 2015.<br \/>Kurzgeschichte <strong><em>Mein Opa, ein cooler Typ <\/em><\/strong>in: \u201eOma- &amp; Opa-Geschichten\u201c, Hrsg. Regina Frischholz, Wendepunkt-Verlag, Weiden 2015.<br \/>Akrostichon <strong><em>\u2026 Melodie<\/em><\/strong> in: \u201eHerzbuch Liebe\u201c, Hrsg. Marie Rossi, Elbverlag, Magdeburg 2015, ISBN 978-3-941127-32-6.<br \/>Gedicht <strong><em>Eine Seele aus Flammen<\/em><\/strong> in: \u201eEine Seele aus Flammen \u2013 Ph\u00f6nix\u201c, net-Verlag, Tangerh\u00fctte-Cobbel 2015.<br \/>Gedicht <strong><em>Ankommen<\/em><\/strong> in: \u201eTr\u00e4umende Tonspur: Lyrischer Lorbeer 2014\u201c, Hrsg. Pascal Cziborra, Lorbeer-Verlag, Bielefeld 2014.<br \/>Kurzgeschichten <strong><em>Eine bitters\u00fc\u00dfe Weihnachtsgeschichte, Winterzeit anno dazumal<\/em><\/strong> in: \u201eWinterzeit anno dazumal\u201c, Hrsg. Regina Frischholz, Wendepunkt Verlag Weiden 2014.<br \/>Gedicht <strong><em>Unwegsame Stra\u00dfenmitte<\/em> <\/strong>in: \u201eAsphaltgefl\u00fcster-Stadtlyrik\u201c, Sperling Verlag, N\u00fcrnberg 2014.<br \/>Kurzgeschichte <strong><em>Heimatgef\u00fchle<\/em><\/strong> in: \u201eKindheitserinnerungen II\u201c, Epla Verlag, Ganderkesee 2014.<br \/>Gedicht <strong><em>Ber\u00fchrungen<\/em><\/strong> in: \u201eAus meiner Feder: Ber\u00fchrungen\u201c, Hrsg. Marie Rossi, Elbverlag, Magdeburg 2014.<br \/>Akrostichon <strong><em>Hoffnung<\/em><\/strong> in: \u201eAus meiner Feder: Hoffnung\u201c, Hrsg. Marie Rossi, Elbverlag, Magdeburg 2014.<br \/>Gedicht <strong><em>Zum Gl\u00fcck<\/em><\/strong> in: \u201eAus meiner Feder: Gl\u00fcck\u201c, Hrsg. Marie Rossi, Elbverlag, Magdeburg 2014.<br \/><strong><em>Alles hat seine Zeit<\/em><\/strong>, Gedichte und Illustrationen von Elfriede Weber, JMW WTLL-Buchverlag, Pforzheim 2011.<br \/>Gedicht<strong><em> Wegwarte <\/em><\/strong>in: \u201eBibliothek Deutschsprachiger Gedichte XIII\u201c, Realis Verlags-GmbH, Gr\u00e4felfing 2010.<\/p>\n<h3>Mehr Informationen:<\/h3>\n<p>E-Mail: info@efiweber.de<br \/>Internet: <a href=\"http:\/\/www.efiweber.de\" target=\"_blank\" rel=\"noopener\">www.efiweber.de<\/a><\/p>\n<\/div><\/div>\n","protected":false},"excerpt":{"rendered":"<p>Die in Albstadt geborene Autorin und Malerin lebt in Straubenhardt. Seit ihrer Kindheit schreibt sie Gedichte, von denen einige bereits in der T\u00fcbinger Zeitung und in der Pforzheimer Zeitung ver\u00f6ffentlicht wurden. Sie erhielt einen Buchpreis des SWR. Auch wurden Kurzgeschichten und Gedichte von ihr in zahlreichen Anthologien publiziert. 2012 hat sie einen Roman ver\u00f6ffentlicht.2016 erhielt &hellip; <a href=\"https:\/\/www.goldstadt-autoren.de\/?page_id=1121\" class=\"more-link\"><span class=\"screen-reader-text\">Elfriede Weber<\/span> weiterlesen <span class=\"meta-nav\">&rarr;<\/span><\/a><\/p>\n","protected":false},"author":2,"featured_media":0,"parent":26,"menu_order":55,"comment_status":"closed","ping_status":"closed","template":"","meta":{"footnotes":""},"class_list":["post-1121","page","type-page","status-publish","hentry"],"_links":{"self":[{"href":"https:\/\/www.goldstadt-autoren.de\/index.php?rest_route=\/wp\/v2\/pages\/1121"}],"collection":[{"href":"https:\/\/www.goldstadt-autoren.de\/index.php?rest_route=\/wp\/v2\/pages"}],"about":[{"href":"https:\/\/www.goldstadt-autoren.de\/index.php?rest_route=\/wp\/v2\/types\/page"}],"author":[{"embeddable":true,"href":"https:\/\/www.goldstadt-autoren.de\/index.php?rest_route=\/wp\/v2\/users\/2"}],"replies":[{"embeddable":true,"href":"https:\/\/www.goldstadt-autoren.de\/index.php?rest_route=%2Fwp%2Fv2%2Fcomments&post=1121"}],"version-history":[{"count":32,"href":"https:\/\/www.goldstadt-autoren.de\/index.php?rest_route=\/wp\/v2\/pages\/1121\/revisions"}],"predecessor-version":[{"id":4134,"href":"https:\/\/www.goldstadt-autoren.de\/index.php?rest_route=\/wp\/v2\/pages\/1121\/revisions\/4134"}],"up":[{"embeddable":true,"href":"https:\/\/www.goldstadt-autoren.de\/index.php?rest_route=\/wp\/v2\/pages\/26"}],"wp:attachment":[{"href":"https:\/\/www.goldstadt-autoren.de\/index.php?rest_route=%2Fwp%2Fv2%2Fmedia&parent=1121"}],"curies":[{"name":"wp","href":"https:\/\/api.w.org\/{rel}","templated":true}]}}