{"id":2208,"date":"2019-03-19T19:13:16","date_gmt":"2019-03-19T17:13:16","guid":{"rendered":"https:\/\/www.goldstadt-autoren.de\/?page_id=2208"},"modified":"2026-03-31T19:55:06","modified_gmt":"2026-03-31T17:55:06","slug":"vereinsanthologie","status":"publish","type":"page","link":"https:\/\/www.goldstadt-autoren.de\/?page_id=2208","title":{"rendered":"Vereinsanthologien"},"content":{"rendered":"<p><strong><br \/>\nAnl\u00e4sslich 10 Jahre Goldstadt-Autoren e. V.:<\/strong><\/p>\n<h3>VON BR\u00dcCKE ZU BR\u00dcCKE<\/h3>\n<p><a href=\"https:\/\/www.goldstadt-autoren.de\/wp-content\/uploads\/2024\/01\/Anthologie_Cover_VBZB_GA.jpg\"><img loading=\"lazy\" decoding=\"async\" class=\"alignleft size-full wp-image-3774\" src=\"https:\/\/www.goldstadt-autoren.de\/wp-content\/uploads\/2024\/01\/Anthologie_Cover_VBZB_GA.jpg\" alt=\"\" width=\"127\" height=\"200\" \/><\/a>Anthologie<br \/>\nHrsg. Goldstadt-Autoren e. V.<br \/>\n<a href=\"https:\/\/buchshop.bod.de\/von-bruecke-zu-bruecke-claudia-speer-9783757886714\" target=\"_blank\" rel=\"noopener\">BoD \u2013 Books on Demand, Norderstedt 2024<\/a><br \/>\n<a href=\"https:\/\/buchshop.bod.de\/von-bruecke-zu-bruecke-claudia-speer-9783757886714\" target=\"_blank\" rel=\"noopener\">ISBN 978-3-7578-8671-4<\/a><br \/>\nTaschenbuch, 272 Seiten, 31 s\/w-Fotos, 13,50 EUR<br \/>\n<a href=\"https:\/\/buchshop.bod.de\/von-bruecke-zu-bruecke-claudia-speer-9783758344213\" target=\"_blank\" rel=\"noopener\">E-Book: ISBN 978-3-7583-4421-3<\/a> | 8,99 EUR<\/p>\n<p><strong><em>Auf, unter und neben den Br\u00fccken Pforzheims<\/em><\/strong><em><br \/>\nBr\u00fccken verbinden Menschen, sind Orte von Erinnerungen, dienen als Verstecke oder werden zu Tatorten. Die Goldstadt Pforzheim nennt mehr als f\u00fcnfzig Fluss-, Stra\u00dfen- und Bahngleis\u00fcberquerungen ihr Eigen. Zweiundzwanzig dieser Br\u00fccken und Stege dienen als Inspiration f\u00fcr humorige bis nachdenkliche, fantastische bis lebensnahe Geschichten und Gedichte. Mit ihnen feiern die Mitglieder des Goldstadt-Autoren e. V. das 10-j\u00e4hrige Vereinsbestehen und ihre Verbundenheit mit der Stadt, die auch als &#8222;Pforte zum Schwarzwald&#8220; bezeichnet wird.<\/em><\/p>\n<p style=\"text-align: left;\"><strong>Die Mitwirkenden, ihre Beitr\u00e4ge und Br\u00fccken:<\/strong><\/p>\n<p><strong>Dr. Mazen Arafeh<\/strong> &gt; <em>Br\u00fccken<\/em> (Gernika-Br\u00fccke)<br \/>\n<strong>Hans-Joachim Bischof<\/strong> &gt; <em>Der Br\u00fcckent\u00e4nzer<\/em> (Kallhardtbr\u00fccke)<br \/>\n<strong>Angela Cuevas Alca\u00f1iz<\/strong> &gt; <em>Die Geheimnisse des Rondells<\/em> (Goethebr\u00fccke)<br \/>\n<strong>Carmilla DeWinter<\/strong> &gt; <em>Stahl oder Efeu <\/em>(Waag-Steg) | <em>Haltestelle: Bruchtalbr\u00fccke<br \/>\n<\/em> (B\u00a010-\/Bruchrainbr\u00fccke)<br \/>\n<strong>Alexandra Dietz<\/strong> &gt; <em>Oskar <\/em>(Katzensteg)<br \/>\n<strong>Prof. Erich H. Franke<\/strong> &gt; <em>B\u00f6se Steine<\/em> (Bogenbr\u00fccke)<br \/>\n<strong>Uschi Gassler<\/strong> &gt; <em>Morgenstund\u2019 hat Mord im Schlund<\/em> (Altst\u00e4dter Br\u00fccke)<br \/>\n<strong>Robert Geller<\/strong> &gt; <em>Die Br\u00fccke vom Rattach <\/em>(Rattachsteg)<br \/>\n<strong>Patrick Kaltwasser<\/strong> &gt; <em>Emiliensteg; Goldsteine; Liebesschlossknacker<\/em> (Emiliensteg)<br \/>\n<strong>Fred Keller<\/strong> &gt; <em>Sub Rosa <\/em>(Rossbr\u00fccke)<br \/>\n<strong>Manuela Kusterer<\/strong> &gt; <em>N\u00e4chtlicher Zwischenfall <\/em>(Erbprinzenbr\u00fccke)<br \/>\n<strong>Anna-Lena Lucke<\/strong> &gt; <em>Das Monster der Arkbr\u00fccke<\/em> (Arkbr\u00fccke)<br \/>\n<strong>Teodora Nikolic<\/strong> &gt; <em>Die Br\u00fccke der sch\u00f6nen Erinnerungen<\/em> (R\u00f6mersteg) | <em>Neuanfang<br \/>\n<\/em>(Werderbr\u00fccke)<br \/>\n<strong>Claudia Speer<\/strong> &gt; <em>Die rosafarbene Sicht der Dinge <\/em>(Hachelbr\u00fccke)<br \/>\n<strong>Dr. Heiko Ullrich<\/strong> &gt; <em>Pontifex maximus <\/em>(Fischersteg) | <em>Quattro stagioni <\/em>(Steubensteg)<br \/>\n<strong>Elfriede Weber<\/strong> &gt; <em>Erlebnisse an der Nordstadtbr\u00fccke<\/em> (Nordstadtbr\u00fccke)<br \/>\n<strong>Norbert Weimper M.\u00a0A.<\/strong> &gt; <em>Der G\u00e4rtnersteg \u2013 oder das ewige Leben<\/em> (G\u00e4rtnersteg) | <em>Alte Br\u00fccke trifft neue KI <\/em>(Steinerne Br\u00fccke)<br \/>\n<strong>Gottfried Zurbr\u00fcgg<\/strong> &gt; <em>Die Auerbr\u00fccke zwischen Vergangenheit und Zukunft <\/em>(Auerbr\u00fccke)<\/p>\n<p style=\"text-align: center;\">*** *** ***<\/p>\n<p><strong>Anl\u00e4sslich 5 Jahre Goldstadt-Autoren e. V.:<\/strong><\/p>\n<h3>IM NORDEN DES S\u00dcDENS<\/h3>\n<p><a href=\"https:\/\/www.goldstadt-autoren.de\/wp-content\/uploads\/2019\/01\/Cover_INDS_kl.jpg\"><img loading=\"lazy\" decoding=\"async\" class=\"alignleft  wp-image-2099\" src=\"https:\/\/www.goldstadt-autoren.de\/wp-content\/uploads\/2019\/01\/Cover_INDS_kl.jpg\" alt=\"\" width=\"128\" height=\"201\" \/><\/a>Anthologie<br \/>\nHrsg. Goldstadt-Autoren e. V.<br \/>\nBoD \u2013 Books on Demand, Norderstedt 2019<br \/>\n<a href=\"https:\/\/buchshop.bod.de\/im-norden-des-suedens-9783748141341\" target=\"_blank\" rel=\"noopener\">ISBN 978-3-7481-4134-1<\/a><br \/>\nTaschenbuch, 192 Seiten, 8,00 EUR<br \/>\n<a href=\"https:\/\/buchshop.bod.de\/im-norden-des-suedens-9783748177289\" target=\"_blank\" rel=\"noopener\">E-Book: ISBN 978-3-7481-7728-9<\/a> | 5,49 EUR<\/p>\n<p><em><strong>M\u00e4rchen, Mord und mehr aus Pforzheim und Umgebung<\/strong><\/em><br \/>\n<em>Zum f\u00fcnfj\u00e4hrigen Vereinsjubil\u00e4um setzen sich 17 Autorinnen und Autoren mit der Region auseinander, in der sie leben. In spannenden, bissigen, tiefgr\u00fcndigen oder humorvollen Geschichten und Gedichten gibt es f\u00fcr Alteingesessene und Reingeschmeckte gleicherma\u00dfen viel zu entdecken.<\/em><\/p>\n<p><strong>Die Mitwirkenden und ihre Beitr\u00e4ge:<\/strong><\/p>\n<p><strong>Carmilla DeWinter<\/strong> \u201eAlle Wege f\u00fchren zum Teich\u201c<br \/>\n<strong>Alexandra Dietz<\/strong> \u201eDie Reise einer Taschenuhr\u201c<br \/>\n<strong>Prof. Erich H. Franke<\/strong> \u201eEin gro\u00dfer Garten\u201c<br \/>\n<strong>Uschi Gassler<\/strong> \u201eJuwelenblut\u201c<br \/>\n<strong>Christine Geiger<\/strong> \u201eWas stellt er vor?\u201c | \u201eLiebesgedicht an eine Stadt\u201c<br \/>\n<strong>Tobias Hartmann<\/strong> \u201eDie Tote in der Enz\u201c<br \/>\n<strong>Fred Keller<\/strong> \u201eTod durch Schokolade\u201c<br \/>\n<strong>Claudia Konrad<\/strong> \u201eFette Beute\u201c<br \/>\n<strong>Anna-Lena Lucke<\/strong> \u201eZeitsprung\u201c<br \/>\n<strong>Andrea Lutz<\/strong> \u201eStoizwergle\u201c<br \/>\n<strong>Ernst Merz<\/strong> \u201eOde an die Goldstadt\u201c | \u201eFacettenreich\u201c | \u201eSchwarzes Gold\u201c<br \/>\n<strong>Helga Pendelin<\/strong> \u201eDie Kronen der Macht\u201c<br \/>\n<strong>A. S. Schmidt<\/strong> \u201eLa Dorada\u201c<br \/>\n<strong>Elfriede Weber<\/strong> \u201eTagtraum\u201c | \u201eDas Ittersbacher B\u00e4hnle\u201c<br \/>\n<strong>Dr. Wolfgang Weimer<\/strong> \u201eDa ist was los in Dobel!\u201c<br \/>\n<strong>Ina Zantow<\/strong> \u201eEinleitung\u201c<br \/>\n<strong>Rolf Zefferer<\/strong> \u201eHundert \u00c9bauches\u201c<\/p>\n","protected":false},"excerpt":{"rendered":"<p>Anl\u00e4sslich 10 Jahre Goldstadt-Autoren e. V.: VON BR\u00dcCKE ZU BR\u00dcCKE Anthologie Hrsg. Goldstadt-Autoren e. V. BoD \u2013 Books on Demand, Norderstedt 2024 ISBN 978-3-7578-8671-4 Taschenbuch, 272 Seiten, 31 s\/w-Fotos, 13,50 EUR E-Book: ISBN 978-3-7583-4421-3 | 8,99 EUR Auf, unter und neben den Br\u00fccken Pforzheims Br\u00fccken verbinden Menschen, sind Orte von Erinnerungen, dienen als Verstecke oder &hellip; <a href=\"https:\/\/www.goldstadt-autoren.de\/?page_id=2208\" class=\"more-link\"><span class=\"screen-reader-text\">Vereinsanthologien<\/span> weiterlesen <span class=\"meta-nav\">&rarr;<\/span><\/a><\/p>\n","protected":false},"author":2,"featured_media":0,"parent":16,"menu_order":110,"comment_status":"closed","ping_status":"closed","template":"","meta":{"footnotes":""},"class_list":["post-2208","page","type-page","status-publish","hentry"],"_links":{"self":[{"href":"https:\/\/www.goldstadt-autoren.de\/index.php?rest_route=\/wp\/v2\/pages\/2208"}],"collection":[{"href":"https:\/\/www.goldstadt-autoren.de\/index.php?rest_route=\/wp\/v2\/pages"}],"about":[{"href":"https:\/\/www.goldstadt-autoren.de\/index.php?rest_route=\/wp\/v2\/types\/page"}],"author":[{"embeddable":true,"href":"https:\/\/www.goldstadt-autoren.de\/index.php?rest_route=\/wp\/v2\/users\/2"}],"replies":[{"embeddable":true,"href":"https:\/\/www.goldstadt-autoren.de\/index.php?rest_route=%2Fwp%2Fv2%2Fcomments&post=2208"}],"version-history":[{"count":9,"href":"https:\/\/www.goldstadt-autoren.de\/index.php?rest_route=\/wp\/v2\/pages\/2208\/revisions"}],"predecessor-version":[{"id":4553,"href":"https:\/\/www.goldstadt-autoren.de\/index.php?rest_route=\/wp\/v2\/pages\/2208\/revisions\/4553"}],"up":[{"embeddable":true,"href":"https:\/\/www.goldstadt-autoren.de\/index.php?rest_route=\/wp\/v2\/pages\/16"}],"wp:attachment":[{"href":"https:\/\/www.goldstadt-autoren.de\/index.php?rest_route=%2Fwp%2Fv2%2Fmedia&parent=2208"}],"curies":[{"name":"wp","href":"https:\/\/api.w.org\/{rel}","templated":true}]}}